{"id":2365,"date":"2025-02-19T06:48:18","date_gmt":"2025-02-19T06:48:18","guid":{"rendered":"https:\/\/audiomed.com.pl\/apt\/?post_type=product&#038;p=2365"},"modified":"2025-02-19T06:48:18","modified_gmt":"2025-02-19T06:48:18","slug":"verdexedil","status":"publish","type":"product","link":"https:\/\/audiomed.com.pl\/apt\/produkty\/verdexedil\/","title":{"rendered":"Verdexedil"},"content":{"rendered":"<p style=\"text-align: justify;\"><strong><a href=\"https:\/\/audiomed.com.pl\/apt\/verdexedil-cena\" target=\"_blank\" rel=\"noopener\"><img loading=\"lazy\" decoding=\"async\" class=\" wp-image-2373 alignleft\" src=\"http:\/\/audiomed.com.pl\/apt\/wp-content\/uploads\/2025\/02\/Verdexedil-spray-opinie-cena-sklad-forum-gdzie-kupic-300x300.png\" alt=\"Verdexedil spray - opinie, cena, sk\u0142ad, forum, gdzie kupi\u0107\" width=\"249\" height=\"249\" srcset=\"https:\/\/audiomed.com.pl\/apt\/wp-content\/uploads\/2025\/02\/Verdexedil-spray-opinie-cena-sklad-forum-gdzie-kupic-300x300.png 300w, https:\/\/audiomed.com.pl\/apt\/wp-content\/uploads\/2025\/02\/Verdexedil-spray-opinie-cena-sklad-forum-gdzie-kupic-150x150.png 150w, https:\/\/audiomed.com.pl\/apt\/wp-content\/uploads\/2025\/02\/Verdexedil-spray-opinie-cena-sklad-forum-gdzie-kupic-100x100.png 100w, https:\/\/audiomed.com.pl\/apt\/wp-content\/uploads\/2025\/02\/Verdexedil-spray-opinie-cena-sklad-forum-gdzie-kupic-120x120.png 120w, https:\/\/audiomed.com.pl\/apt\/wp-content\/uploads\/2025\/02\/Verdexedil-spray-opinie-cena-sklad-forum-gdzie-kupic.png 400w\" sizes=\"auto, (max-width: 249px) 100vw, 249px\" \/><\/a>Verdexedil\u00a0 przerzedzanie si\u0119 w\u0142os\u00f3w to powa\u017cny i powszechny problem zar\u00f3wno kobiet, jak i m\u0119\u017cczyzn. To temat, kt\u00f3ry wywo\u0142uje wiele strachu, niepewno\u015bci i depresji, a tak\u017ce negatywnie wp\u0142ywa na jako\u015b\u0107 \u017cycia. Nie jest tajemnic\u0105, \u017ce zazwyczaj tracimy 50-100 w\u0142os\u00f3w dziennie. Ka\u017cdy w\u0142os ma sw\u00f3j w\u0142asny cykl \u017cycia trwaj\u0105cy 2-7 lat, w wyniku czego nasze w\u0142osy stale si\u0119 zmieniaj\u0105 i odnawiaj\u0105. Ale co je\u015bli w\u0142os\u00f3w wypada znacznie wi\u0119cej i ten proces wydaje si\u0119 nie mie\u0107 ko\u0144ca?<\/strong><\/p>\n<p style=\"text-align: justify;\">Verdexedil specjalistki od w\u0142os\u00f3w-trychologa Natalji Buslovej, g\u0142\u00f3wnymi przyczynami wypadania w\u0142os\u00f3w s\u0105 stres, choroba, gor\u0105czka, aktualne recenzje u\u017cytkownik\u00f3w 2025 operacja, por\u00f3d, dieta, zaburzenia hormonalne. Ale tak\u017ce niedob\u00f3r witamin i \u017celaza wiosn\u0105 i wiele innych czynnik\u00f3w. 23 procent do\u015bwiadczy\u0142o p\u00f3\u017aniejszej utraty w\u0142os\u00f3w. <a href=\"https:\/\/audiomed.com.pl\/apt\/verdexedil-cena\" target=\"_blank\" rel=\"noopener\"><span style=\"color: #0000ff;\"><strong><span style=\"text-decoration: underline;\">www.Verdexedil.pl<\/span><\/strong><\/span><\/a><\/p>\n<p style=\"text-align: center;\"><a href=\"https:\/\/audiomed.com.pl\/apt\/verdexedil-cena\" target=\"_blank\" rel=\"noopener\"><span style=\"color: #ff0000;\"><span style=\"font-size: 18pt;\"><strong><span style=\"text-decoration: underline;\">Verdexedil Cena -50%<\/span><\/strong><\/span><\/span><\/a><\/p>\n<h2 style=\"text-align: justify;\">Verdexedil spray, sk\u0142adniki, jak u\u017cywa\u0107, jak to dzia\u0142a, skutki uboczne<\/h2>\n<p style=\"text-align: justify;\"><a href=\"https:\/\/audiomed.com.pl\/apt\/verdexedil-cena\" target=\"_blank\" rel=\"noopener\"><img loading=\"lazy\" decoding=\"async\" class=\"size-medium wp-image-2368 alignleft\" src=\"http:\/\/audiomed.com.pl\/apt\/wp-content\/uploads\/2025\/02\/Verdexedil-spray-skladniki-jak-uzywac-jak-to-dziala-skutki-uboczne-300x196.jpg\" alt=\"Verdexedil spray, sk\u0142adniki, jak u\u017cywa\u0107, jak to dzia\u0142a, skutki uboczne\" width=\"300\" height=\"196\" srcset=\"https:\/\/audiomed.com.pl\/apt\/wp-content\/uploads\/2025\/02\/Verdexedil-spray-skladniki-jak-uzywac-jak-to-dziala-skutki-uboczne-300x196.jpg 300w, https:\/\/audiomed.com.pl\/apt\/wp-content\/uploads\/2025\/02\/Verdexedil-spray-skladniki-jak-uzywac-jak-to-dziala-skutki-uboczne-768x502.jpg 768w, https:\/\/audiomed.com.pl\/apt\/wp-content\/uploads\/2025\/02\/Verdexedil-spray-skladniki-jak-uzywac-jak-to-dziala-skutki-uboczne-600x392.jpg 600w, https:\/\/audiomed.com.pl\/apt\/wp-content\/uploads\/2025\/02\/Verdexedil-spray-skladniki-jak-uzywac-jak-to-dziala-skutki-uboczne.jpg 901w\" sizes=\"auto, (max-width: 300px) 100vw, 300px\" \/><\/a>W normalnych Verdexedil sk\u0142adniki warunkach wypadanie w\u0142os\u00f3w mo\u017ce pojawi\u0107 si\u0119 dopiero 2-3 miesi\u0105ce po stresie lub innych okoliczno\u015bciach wymienionych powy\u017cej, a po tak d\u0142ugim czasie zwykle nie wiemy, Verdexedil sk\u0142adniki jak po\u0142\u0105czy\u0107 zmiany i wypadanie w\u0142os\u00f3w. Co robi\u0107, gdy w\u0142osy wypadaj\u0105 i jak to powstrzyma\u0107?<\/p>\n<p style=\"text-align: justify;\"><span style=\"text-decoration: underline;\">C\u00f3\u017c, kwasy t\u0142uszczowe omega-3, cynk, Verdexedil ulotka r\u00f3\u017cne witaminy i pierwiastki \u015bladowe s\u0105 szczeg\u00f3lnie niezb\u0119dne dla w\u0142os\u00f3w. Natalja Buslova stwierdza, \u017ce \u200b\u200bponiewa\u017c w\u0142osy sk\u0142adaj\u0105 si\u0119 w 78-90 procentach z bia\u0142ka zwanego spray Verdexedil jak to dzia\u0142a keratyn\u0105, sekret pi\u0119knych w\u0142os\u00f3w zdecydowanie tkwi w spo\u017cywaniu bia\u0142ek. Specjalista od w\u0142os\u00f3w szczeg\u00f3lnie zaleca spo\u017cywanie mi\u0119sa zwierz\u0119cego bogatego sk\u0142adniki w \u017celazo. Brak tego po\u017cywienia w menu mo\u017ce p\u00f3\u017aniej prowadzi\u0107 do przerzedzenia i os\u0142abienia w\u0142os\u00f3w.<\/span><\/p>\n<p style=\"text-align: justify;\">Od\u017cywiaj sk\u00f3r\u0119 g\u0142owy i w\u0142osy zewn\u0119trznie. Cz\u0119sto sk\u0142ad samo spo\u017cywanie witamin nie wystarczy. Zw\u0142aszcza gdy organizmowi powa\u017cnie brakuje witamin i minera\u0142\u00f3w. W takim przypadku organizm wykorzystuje te niezb\u0119dne substancje do kompozycja zaopatrzenia wa\u017cnych organ\u00f3w, a dla w\u0142os\u00f3w mo\u017ce to nie wystarczy\u0107.<\/p>\n<p style=\"text-align: justify;\">Specjalista od w\u0142os\u00f3w podkre\u015bla, po co to jest \u017ce \u200b\u200bw\u0142osy i sk\u00f3r\u0119 g\u0142owy nale\u017cy zdecydowanie g\u0142\u0119boko od\u017cywia\u0107 r\u00f3wnie\u017c zewn\u0119trznie. Maj\u0105c jak u\u017cywa\u0107 prawie dziesi\u0119cioletnie do\u015bwiadczenie jako specjalista od w\u0142os\u00f3w, Natalja Buslova widzia\u0142a bardzo dobre rezultaty u swoich klient\u00f3w dzi\u0119ki ampu\u0142kom jak u\u017cywa\u0107 do w\u0142os\u00f3w Crescina, kt\u00f3re dzia\u0142a\u0142y r\u00f3wnie\u017c w przypadku trudniejszych problem\u00f3w.<\/p>\n<p style=\"text-align: center;\"><a href=\"https:\/\/audiomed.com.pl\/apt\/verdexedil-cena\" target=\"_blank\" rel=\"noopener\"><span style=\"color: #ff0000;\"><span style=\"font-size: 18pt;\"><strong><span style=\"text-decoration: underline;\">Verdexedil Cena -50%<\/span><\/strong><\/span><\/span><\/a><\/p>\n<p style=\"text-align: justify;\"><strong>Te ampu\u0142ki do w\u0142os\u00f3w od\u017cywiaj\u0105 w\u0142osy jak to dzia\u0142a i sk\u00f3r\u0119 g\u0142owy niezb\u0119dnymi aminokwasami i czynnikami wzrostu, kt\u00f3re sprzyjaj\u0105 grubszemu wzrostowi w\u0142os\u00f3w. Ponadto wzmacniaj\u0105 mieszki w\u0142osowe (zobacz do\u015bwiadczenie Helen Adamson tutaj) i zatrzymuj\u0105 wypadanie w\u0142os\u00f3w. Specjalne substancje aktywne korzystne efekty stymuluj\u0105 r\u00f3wnie\u017c kr\u0105\u017cenie krwi w sk\u00f3rze g\u0142owy.<\/strong><\/p>\n<p style=\"text-align: justify;\">Aby niezb\u0119dne sk\u0142adniki aktywne mog\u0142y dotrze\u0107 g\u0142\u0119boko do sk\u00f3ry g\u0142owy i osi\u0105gn\u0105\u0107 maksymaln\u0105 skuteczno\u015b\u0107, nowe ampu\u0142ki do w\u0142os\u00f3w Crescina Transdermic zosta\u0142y stworzone przy u\u017cyciu rewolucyjnej technologii transdermalnej. Zosta\u0142a opracowana tak, aby skuteczne sk\u0142adniki aktywne mog\u0142y by\u0107 wch\u0142aniane skutki uboczne przez sk\u00f3r\u0119 g\u0142owy przez wszystkie warstwy sk\u00f3ry. Bez technologii transdermalnej serum do w\u0142os\u00f3w wch\u0142ania si\u0119 w sk\u00f3r\u0119 g\u0142owy tylko przez otwory w\u0142osowe w sk\u00f3rze. Wed\u0142ug specjalisty od w\u0142os\u00f3w, obecnie w Estonii nie ma odpowiednik\u00f3w tych przeciwwskazania produkt\u00f3w. Poprawiaj\u0105 ukrwienie sk\u00f3ry g\u0142owy<\/p>\n<p style=\"text-align: justify;\">Poniewa\u017c ukrwienie sk\u00f3ry g\u0142owy jest zwykle wolniejsze, sk\u00f3ra g\u0142owy cz\u0119sto nie otrzymuje wystarczaj\u0105cej ilo\u015bci sk\u0142adnik\u00f3w od\u017cywczych, a problemy z w\u0142osami s\u0105 cz\u0119\u015bciowo z tego powodu. Aby zapobiec lub leczy\u0107 wypadanie w\u0142os\u00f3w, eksperci zalecaj\u0105 ulotka regularny masa\u017c g\u0142owy. <a href=\"https:\/\/audiomed.com.pl\/apt\/verdexedil-cena\" target=\"_blank\" rel=\"noopener\"><span style=\"color: #0000ff;\"><strong><span style=\"text-decoration: underline;\">www.Verdexedil.pl<\/span><\/strong><\/span><\/a><\/p>\n<h2 style=\"text-align: justify;\">Verdexedil opinie, forum, komentarze<\/h2>\n<p style=\"text-align: justify;\"><a href=\"https:\/\/audiomed.com.pl\/apt\/verdexedil-cena\" target=\"_blank\" rel=\"noopener\"><img loading=\"lazy\" decoding=\"async\" class=\"size-medium wp-image-2369 alignright\" src=\"http:\/\/audiomed.com.pl\/apt\/wp-content\/uploads\/2025\/02\/Verdexedil-opinie-forum-komentarze-300x200.jpg\" alt=\"Verdexedil opinie, forum, komentarze\" width=\"300\" height=\"200\" srcset=\"https:\/\/audiomed.com.pl\/apt\/wp-content\/uploads\/2025\/02\/Verdexedil-opinie-forum-komentarze-300x200.jpg 300w, https:\/\/audiomed.com.pl\/apt\/wp-content\/uploads\/2025\/02\/Verdexedil-opinie-forum-komentarze-600x400.jpg 600w, https:\/\/audiomed.com.pl\/apt\/wp-content\/uploads\/2025\/02\/Verdexedil-opinie-forum-komentarze.jpg 612w\" sizes=\"auto, (max-width: 300px) 100vw, 300px\" \/><\/a>Verdexedil opinie\u00a0 w ampu\u0142kach do w\u0142os\u00f3w Crescina sk\u0142adniki aktywne rozszerzaj\u0105ce naczynia krwiono\u015bne pomagaj\u0105 r\u00f3wnie\u017c aktywowa\u0107 dop\u0142yw krwi do sk\u00f3ry g\u0142owy. UWAGA! Stosowanie ampu\u0142ek do w\u0142os\u00f3w mo\u017ce powodowa\u0107 lekkie mrowienie i zaczerwienienie sk\u00f3ry, co jest bezpieczne, ale Verdexedil forum pokazuje, \u017ce produkt dzia\u0142a. Zaczerwienienie minie samoistnie w ci\u0105gu 10-20 minut.<\/p>\n<p style=\"text-align: justify;\"><span style=\"text-decoration: underline;\">Wybierz specjalny szampon przeciw wypadaniu w\u0142os\u00f3w. Z pewno\u015bci\u0105 konieczne jest wybranie specjalnego szamponu na wypadanie w\u0142os\u00f3w. W opinie tym przypadku mo\u017ce pom\u00f3c szampon transdermalny Crescina z czynnikami wzrostu i sk\u0142adnikami aktywnymi, kt\u00f3ry wzmacnia w\u0142osy.<\/span><\/p>\n<p style=\"text-align: center;\"><a href=\"https:\/\/audiomed.com.pl\/apt\/verdexedil-cena\" target=\"_blank\" rel=\"noopener\"><span style=\"color: #ff0000;\"><span style=\"font-size: 18pt;\"><strong><span style=\"text-decoration: underline;\">Verdexedil Cena -50%<\/span><\/strong><\/span><\/span><\/a><\/p>\n<p style=\"text-align: justify;\"><strong>Wed\u0142ug Buslovej pomaga on forum szczeg\u00f3lnie przygotowa\u0107 sk\u00f3r\u0119 g\u0142owy do stosowania ampu\u0142ek do w\u0142os\u00f3w, poniewa\u017c oczyszcza sk\u00f3r\u0119 z brudu, nadmiaru oleju i \u0142upie\u017cu. Szampon usuwa elektryczno\u015b\u0107 statyczn\u0105 z w\u0142os\u00f3w i nadaje si\u0119 r\u00f3wnie\u017c do wra\u017cliwej sk\u00f3ry g\u0142owy. Ze wzgl\u0119du na specyfik\u0119 w\u0142os\u00f3w i sk\u00f3ry g\u0142owy kobiet i komentarze m\u0119\u017cczyzn, szampony s\u0105 dost\u0119pne osobno dla kobiet i m\u0119\u017cczyzn.<\/strong><\/p>\n<p style=\"text-align: justify;\">Kt\u00f3re ampu\u0142ki do w\u0142os\u00f3w mog\u0105 mi pom\u00f3c? Znajd\u017a odpowiedni produkt w zale\u017cno\u015bci od stopnia wypadania w\u0142os\u00f3w. W przypadku wypadania w\u0142os\u00f3w, specjalistka od w\u0142os\u00f3w Natalja Buslova zaleca stosowanie ampu\u0142ek Crescina aktualne recenzje u\u017cytkownik\u00f3w 2025\u00a0 complex treatment (ampu\u0142ki przezroczyste i \u017c\u00f3\u0142te) o odpowiednim dla. <a href=\"https:\/\/audiomed.com.pl\/apt\/verdexedil-cena\" target=\"_blank\" rel=\"noopener\"><span style=\"color: #0000ff;\"><strong><span style=\"text-decoration: underline;\">www.Verdexedil.pl<\/span><\/strong><\/span><\/a><\/p>\n<h2>Verdexedil cena, ile to kosztuje<\/h2>\n<p style=\"text-align: justify;\"><a href=\"https:\/\/audiomed.com.pl\/apt\/verdexedil-cena\" target=\"_blank\" rel=\"noopener\"><img loading=\"lazy\" decoding=\"async\" class=\"size-medium wp-image-2370 alignleft\" src=\"http:\/\/audiomed.com.pl\/apt\/wp-content\/uploads\/2025\/02\/Verdexedil-cena-ile-to-kosztuje-300x200.jpg\" alt=\"Verdexedil cena, ile to kosztuje\" width=\"300\" height=\"200\" srcset=\"https:\/\/audiomed.com.pl\/apt\/wp-content\/uploads\/2025\/02\/Verdexedil-cena-ile-to-kosztuje-300x200.jpg 300w, https:\/\/audiomed.com.pl\/apt\/wp-content\/uploads\/2025\/02\/Verdexedil-cena-ile-to-kosztuje-600x400.jpg 600w, https:\/\/audiomed.com.pl\/apt\/wp-content\/uploads\/2025\/02\/Verdexedil-cena-ile-to-kosztuje.jpg 612w\" sizes=\"auto, (max-width: 300px) 100vw, 300px\" \/><\/a>Verdexedil cena\u00a0 poziomie mocy, w zale\u017cno\u015bci od stopnia wypadania i przerzedzania si\u0119 w\u0142os\u00f3w oraz stanu Twoich w\u0142os\u00f3w. zawieraj\u0105 dwa rodzaje ampu\u0142ek, z kt\u00f3rych ampu\u0142ki z przezroczyst\u0105.<\/p>\n<p style=\"text-align: justify;\"><span style=\"text-decoration: underline;\">Zawarto\u015bci\u0105 maj\u0105 na celu wzmocnienie \u015bcianek mieszk\u00f3w w\u0142osowych i naczy\u0144 krwiono\u015bnych, aby zatrzyma\u0107 wypadanie w\u0142os\u00f3w i ile to kosztuje przed\u0142u\u017cy\u0107 \u017cywotno\u015b\u0107 w\u0142os\u00f3w. Ampu\u0142ki Amber regroth maj\u0105 na celu od\u017cywienie korzeni w\u0142os\u00f3w i pobudzenie u\u015bpionych mieszk\u00f3w w\u0142osowych, aby w\u0142osy mog\u0142y rosn\u0105\u0107 grubsze i mocniejsze.<\/span><\/p>\n<p style=\"text-align: center;\"><a href=\"https:\/\/audiomed.com.pl\/apt\/verdexedil-cena\" target=\"_blank\" rel=\"noopener\"><span style=\"color: #ff0000;\"><span style=\"font-size: 18pt;\"><strong><span style=\"text-decoration: underline;\">Verdexedil Cena -50%<\/span><\/strong><\/span><\/span><\/a><\/p>\n<p style=\"text-align: justify;\">Produkty Crescina nadaj\u0105 si\u0119 r\u00f3wnie\u017c do stosowania w czasie ci\u0105\u017cy i karmienia piersi\u0105, a wiele m\u0142odych matek z wypadaniem w\u0142os\u00f3w po porodzie lub cena karmieniu piersi\u0105 odnios\u0142o dobre rezultaty dzi\u0119ki tym produktom. <a href=\"https:\/\/audiomed.com.pl\/apt\/verdexedil-cena\" target=\"_blank\" rel=\"noopener\"><span style=\"color: #0000ff;\"><strong><span style=\"text-decoration: underline;\">www.Verdexedil.pl<\/span><\/strong><\/span><\/a><\/p>\n<h2>Verdexedil gdzie kupi\u0107, apteka<\/h2>\n<p style=\"text-align: justify;\"><a href=\"https:\/\/audiomed.com.pl\/apt\/verdexedil-cena\" target=\"_blank\" rel=\"noopener\"><img loading=\"lazy\" decoding=\"async\" class=\"size-medium wp-image-2371 alignright\" src=\"http:\/\/audiomed.com.pl\/apt\/wp-content\/uploads\/2025\/02\/Verdexedil-gdzie-kupic-apteka-300x182.jpg\" alt=\"Verdexedil gdzie kupi\u0107, apteka\" width=\"300\" height=\"182\" srcset=\"https:\/\/audiomed.com.pl\/apt\/wp-content\/uploads\/2025\/02\/Verdexedil-gdzie-kupic-apteka-300x182.jpg 300w, https:\/\/audiomed.com.pl\/apt\/wp-content\/uploads\/2025\/02\/Verdexedil-gdzie-kupic-apteka-600x364.jpg 600w, https:\/\/audiomed.com.pl\/apt\/wp-content\/uploads\/2025\/02\/Verdexedil-gdzie-kupic-apteka.jpg 612w\" sizes=\"auto, (max-width: 300px) 100vw, 300px\" \/><\/a>Verdexedil gdzie kupi\u0107\u00a0 w\u0142os\u00f3w podkre\u015bla inny wa\u017cny szczeg\u00f3\u0142 s\u0105 to bardzo wysokiej jako\u015bci kosmetyki apteczne, a te produkty nie maj\u0105 skutk\u00f3w ubocznych ani odpychania, a zatem s\u0105 ca\u0142kowicie bezpieczne. Przyjrzyj si\u0119 bli\u017cej i znajd\u017a Verdexedil apteka najlepszy produkt dla siebie na www.labo.ee.<\/p>\n<p style=\"text-align: justify;\"><strong>Zdecydowanie zalecamy wizyt\u0119 u lekarza, je\u015bli masz do czynienia z nag\u0142\u0105 i bardzo powa\u017cn\u0105 utrat\u0105 w\u0142os\u00f3w. Wypadanie w\u0142os\u00f3w spowodowane niekt\u00f3rymi schorzeniami, takimi jak choroba tarczycy, mo\u017ce nie reagowa\u0107 na gdzie kupi\u0107 domowe sposoby. Droga od wypadania i przerzedzania si\u0119 w\u0142os\u00f3w do pi\u0119knych i grubszych w\u0142os\u00f3w zdecydowanie wymaga czasu i cierpliwo\u015bci.<\/strong><\/p>\n<p style=\"text-align: center;\"><a href=\"https:\/\/audiomed.com.pl\/apt\/verdexedil-cena\" target=\"_blank\" rel=\"noopener\"><span style=\"color: #ff0000;\"><span style=\"font-size: 18pt;\"><strong><span style=\"text-decoration: underline;\">Verdexedil Cena -50%<\/span><\/strong><\/span><\/span><\/a><\/p>\n<p style=\"text-align: justify;\">Wypadanie w\u0142os\u00f3w mo\u017ce by\u0107 oznak\u0105 choroby, wi\u0119c powiniene\u015b apteka dowiedzie\u0107 si\u0119 przyczyn i znale\u017a\u0107 rozwi\u0105zanie. Szybka interwencja i \u015bwiadoma piel\u0119gnacja sk\u00f3ry g\u0142owy i w\u0142os\u00f3w pomagaj\u0105 osi\u0105gn\u0105\u0107 lepsze rezultaty Je\u015bli cykl \u017cycia w\u0142os\u00f3w przebiega normalnie, nie zauwa\u017cysz \u017cadnej szczeg\u00f3lnej utraty ani wzrostu w\u0142os\u00f3w. Wypadanie w\u0142os\u00f3w mo\u017ce by\u0107 wi\u0119ksze jesieni\u0105 i zim\u0105.<\/p>\n<p style=\"text-align: justify;\"><span style=\"text-decoration: underline;\">Dziedziczno\u015b\u0107, wiek, s\u0142abe wch\u0142anianie sk\u0142adnik\u00f3w od\u017cywczych, w aptekach og\u00f3lny stan zdrowia, zaburzenia hormonalne, stres, zewn\u0119trzne wp\u0142ywy \u015brodowiskowe (promieniowanie UV, produkty do piel\u0119gnacji, obr\u00f3bka w\u0142os\u00f3w) mog\u0105 przyczynia\u0107 si\u0119 do wypadania w\u0142os\u00f3w. Skutki wymienionych czynnik\u00f3w mog\u0105 ujawni\u0107 si\u0119 po kilku miesi\u0105cach<\/span>. <a href=\"https:\/\/audiomed.com.pl\/apt\/verdexedil-cena\" target=\"_blank\" rel=\"noopener\"><span style=\"color: #0000ff;\"><strong><span style=\"text-decoration: underline;\">www.Verdexedil.pl<\/span><\/strong><\/span><\/a><\/p>\n<h2>Verdexedil allegro, ceneo &#8211; Polska<\/h2>\n<p style=\"text-align: justify;\"><a href=\"https:\/\/audiomed.com.pl\/apt\/verdexedil-cena\" target=\"_blank\" rel=\"noopener\"><img loading=\"lazy\" decoding=\"async\" class=\"size-medium wp-image-2372 alignleft\" src=\"http:\/\/audiomed.com.pl\/apt\/wp-content\/uploads\/2025\/02\/Verdexedil-allegro-ceneo-Polska-300x209.jpg\" alt=\"Verdexedil allegro, ceneo - Polska\" width=\"300\" height=\"209\" srcset=\"https:\/\/audiomed.com.pl\/apt\/wp-content\/uploads\/2025\/02\/Verdexedil-allegro-ceneo-Polska-300x209.jpg 300w, https:\/\/audiomed.com.pl\/apt\/wp-content\/uploads\/2025\/02\/Verdexedil-allegro-ceneo-Polska-600x418.jpg 600w, https:\/\/audiomed.com.pl\/apt\/wp-content\/uploads\/2025\/02\/Verdexedil-allegro-ceneo-Polska.jpg 612w\" sizes=\"auto, (max-width: 300px) 100vw, 300px\" \/><\/a>Verdexedil allegro sw\u00f3j w\u0142asny cykl wzrostu. W przypadku wypadania, wzrost w\u0142os\u00f3w zatrzymuje si\u0119, a w\u0142osy wypadaj\u0105 przed wyznaczonym czasem, rozw\u00f3j kom\u00f3rek korzenia w\u0142osa zostaje zaburzony, a w\u0142osy staj\u0105 si\u0119 cie\u0144sze i kr\u00f3tsze. Verdexedil ceneo relegacj\u0119!<\/p>\n<p style=\"text-align: justify;\"><strong>Sk\u00f3ra g\u0142owy potrzebuje witamin, minera\u0142\u00f3w i korzystnych kwas\u00f3w t\u0142uszczowych. Kom\u00f3rki szybko otrzymuj\u0105 substancje bioaktywne. Krzem, cynk, \u017celazo, r\u00f3\u017cne aminokwasy, witamina B2, biotyna, kwas foliowy i inne s\u0105 wa\u017cne dla zdrowia w\u0142os\u00f3w. Peptydy bior\u0105 udzia\u0142 w procesach kom\u00f3rkowych i s\u0105 wa\u017cne w regeneracji Verdexedil producent w\u0142os\u00f3w, stymuluj\u0105c mieszki w\u0142osowe do produkcji mocnych w\u0142os\u00f3w, promuj\u0105c wzrost w\u0142os\u00f3w, o\u017cywiaj\u0105c mieszki w\u0142osowe i poprawiaj\u0105c ukrwienie sk\u00f3ry g\u0142owy.<\/strong><\/p>\n<p style=\"text-align: justify;\">Biotyna bierze udzia\u0142 w procesie metabolizmu t\u0142uszcz\u00f3w Verdexedil Polska w sk\u00f3rze g\u0142owy. Witamina B3, czyli niacyna, wspomaga kr\u0105\u017cenie krwi w sk\u00f3rze g\u0142owy i metabolizm w mieszku w\u0142osowym. Ekstrakt z \u0142o\u017cyska wzmacnia i od\u017cywia allegro cienkie, \u0142amliwe i delikatne w\u0142osy, stymuluje ich wzrost i pomaga zapobiega\u0107 wypadaniu w\u0142os\u00f3w.<\/p>\n<p style=\"text-align: justify;\">Wzrost w\u0142os\u00f3w spowalnia wraz z wiekiem. Po ceneo menopauzie wypadanie w\u0142os\u00f3w przyspiesza, poniewa\u017c poziom estrogenu, \u017ce\u0144skiego hormonu chroni\u0105cego korzenie w\u0142os\u00f3w, spada, a wp\u0142yw hormon\u00f3w m\u0119skich wzrasta. Rosn\u0105ce w\u0142osy s\u0105 cie\u0144sze i mog\u0105 przedwcze\u015bnie wypada\u0107. Linia w\u0142os\u00f3w mo\u017ce si\u0119 cofn\u0105\u0107, a sk\u00f3ra g\u0142owy mo\u017ce by\u0107 bardziej widoczna. Kofeina chroni przed zmniejszeniem wzrostu w\u0142os\u00f3w ebay spowodowanym przez hormony, chroni r\u00f3wnie\u017c korzenie w\u0142os\u00f3w przed wyczerpaniem spowodowanym przez hormony. Kompleks fitokofeiny znajduj\u0105cy si\u0119 w amazon produktach do piel\u0119gnacji w\u0142os\u00f3w zapobiega atakowaniu korzeni w\u0142os\u00f3w przez testosteron.<\/p>\n<p style=\"text-align: justify;\"><span style=\"text-decoration: underline;\">W przypadku dziedzicznej utraty w\u0142os\u00f3w, \u0142ysienia androgenowego, m\u0119ski hormon testosteron przekszta\u0142ca si\u0119 w dihydrotestosteron (DHT), kt\u00f3ry hamuje cebulk\u0119 w\u0142osa, a zwi\u0119kszone poziomy DHT powoduj\u0105 wypadanie w\u0142os\u00f3w. Minoxidil jest stosowany w leczeniu wypadania w\u0142os\u00f3w zar\u00f3wno u m\u0119\u017cczyzn, jak i u producent kobiet. Substancja ta stymuluje wzrost w\u0142os\u00f3w u pacjent\u00f3w z \u0142ysieniem androgenowym.<\/span><\/p>\n<p style=\"text-align: justify;\">Mrowienie sk\u00f3ry g\u0142owy. Podra\u017cniona i zapalona sk\u00f3ra g\u0142owy pogarsza stan korzenia w\u0142osa, wzrost w\u0142os\u00f3w mo\u017ce spowolni\u0107, a w\u0142osy mog\u0105 wypada\u0107. Sk\u00f3ra g\u0142owy, kt\u00f3ra szybko staje si\u0119 t\u0142usta, r\u00f3wnie\u017c potrzebuje odpowiednich produkt\u00f3w do piel\u0119gnacji.<\/p>\n<p style=\"text-align: justify;\">\u0141upie\u017c sk\u0142ada si\u0119 z martwych kom\u00f3rek sk\u00f3ry, kt\u00f3rych nadmiar i wypadanie powoduje sw\u0119dzenie sk\u00f3ry g\u0142owy i bia\u0142e \u0142uszczenie. Przyczyn\u0105 s\u0105 dro\u017cd\u017ce, Polska kt\u00f3re s\u0105 r\u00f3wnie\u017c cz\u0119\u015bci\u0105 normalnej mikroflory sk\u00f3ry i zwykle nie powoduj\u0105 problem\u00f3w. \u0141upie\u017c mo\u017ce wyst\u0105pi\u0107 w wyniku stresu, stosowania nieodpowiednich produkt\u00f3w do piel\u0119gnacji w\u0142os\u00f3w lub zaburze\u0144 hormonalnych.<\/p>\n<p style=\"text-align: justify;\">\u0141upie\u017c mo\u017ce by\u0107 r\u00f3wnie\u017c spowodowany chorobami o pod\u0142o\u017cu genetycznym, takimi jak atopowe lub \u0142ojotokowe zapalenie sk\u00f3ry. Produkty do piel\u0119gnacji w\u0142os\u00f3w, roztwory lecznicze i szampony zawieraj\u0105 r\u00f3\u017cne substancje, kt\u00f3re zmniejszaj\u0105 i eliminuj\u0105 problemy ze sk\u00f3r\u0105 g\u0142owy. Na przyk\u0142ad ekstrakt z owsa Rhealba dzia\u0142a koj\u0105co na sk\u00f3r\u0119 g\u0142owy. Kelamid zmi\u0119kcza warstw\u0119 rogow\u0105, zapobiega \u0142uszczeniu si\u0119 i \u0142agodzi zaczerwienienia i sw\u0119dzenie. <a href=\"https:\/\/audiomed.com.pl\/apt\/verdexedil-cena\" target=\"_blank\" rel=\"noopener\"><span style=\"color: #0000ff;\"><strong><span style=\"text-decoration: underline;\">www.Verdexedil.pl<\/span><\/strong><\/span><\/a><\/p>\n<p style=\"text-align: center;\"><a href=\"https:\/\/audiomed.com.pl\/apt\/verdexedil-cena\" target=\"_blank\" rel=\"noopener\"><span style=\"color: #ff0000;\"><span style=\"font-size: 18pt;\"><strong><span style=\"text-decoration: underline;\">Verdexedil Cena -50%<\/span><\/strong><\/span><\/span><\/a><\/p>\n","protected":false},"excerpt":{"rendered":"<p>Verdexedil\u00a0 przerzedzanie si\u0119 w\u0142os\u00f3w to powa\u017cny i powszechny problem zar\u00f3wno kobiet, jak i m\u0119\u017cczyzn. To temat, kt\u00f3ry wywo\u0142uje wiele strachu, niepewno\u015bci i depresji, a tak\u017ce negatywnie wp\u0142ywa na jako\u015b\u0107 \u017cycia. Nie jest tajemnic\u0105, \u017ce zazwyczaj tracimy 50-100 w\u0142os\u00f3w dziennie. Ka\u017cdy w\u0142os ma sw\u00f3j w\u0142asny cykl \u017cycia trwaj\u0105cy 2-7 lat, w wyniku czego nasze w\u0142osy stale &#8230; <a title=\"Verdexedil\" class=\"read-more\" href=\"https:\/\/audiomed.com.pl\/apt\/produkty\/verdexedil\/\" aria-label=\"More on Verdexedil\">Czytaj dalej<\/a><\/p>\n","protected":false},"featured_media":2373,"comment_status":"open","ping_status":"closed","template":"","meta":{"_uag_custom_page_level_css":""},"product_brand":[],"product_cat":[23],"product_tag":[],"class_list":{"0":"post-2365","1":"product","2":"type-product","3":"status-publish","4":"has-post-thumbnail","6":"product_cat-zdrowie","7":"sales-flash-overlay","8":"woocommerce-text-align-center","9":"woocommerce-image-align-center","10":"do-quantity-buttons","12":"first","13":"instock","14":"sale","15":"shipping-taxable","16":"product-type-external"},"yoast_head":"<!-- This site is optimized with the Yoast SEO plugin v27.5 - https:\/\/yoast.com\/product\/yoast-seo-wordpress\/ -->\n<title>Verdexedil spray - opinie, cena, sk\u0142ad, forum, gdzie kupi\u0107<\/title>\n<meta name=\"robots\" content=\"index, follow, max-snippet:-1, max-image-preview:large, max-video-preview:-1\" \/>\n<link rel=\"canonical\" href=\"http:\/\/audiomed.com.pl\/apt\/produkty\/verdexedil\/\" \/>\n<meta property=\"og:locale\" content=\"pl_PL\" \/>\n<meta property=\"og:type\" content=\"article\" \/>\n<meta property=\"og:title\" content=\"Verdexedil spray - opinie, cena, sk\u0142ad, forum, gdzie kupi\u0107\" \/>\n<meta property=\"og:description\" content=\"Verdexedil\u00a0 przerzedzanie si\u0119 w\u0142os\u00f3w to powa\u017cny i powszechny problem zar\u00f3wno kobiet, jak i m\u0119\u017cczyzn. To temat, kt\u00f3ry wywo\u0142uje wiele strachu, niepewno\u015bci i depresji, a tak\u017ce negatywnie wp\u0142ywa na jako\u015b\u0107 \u017cycia. Nie jest tajemnic\u0105, \u017ce zazwyczaj tracimy 50-100 w\u0142os\u00f3w dziennie. Ka\u017cdy w\u0142os ma sw\u00f3j w\u0142asny cykl \u017cycia trwaj\u0105cy 2-7 lat, w wyniku czego nasze w\u0142osy stale ... Czytaj dalej\" \/>\n<meta property=\"og:url\" content=\"http:\/\/audiomed.com.pl\/apt\/produkty\/verdexedil\/\" \/>\n<meta property=\"og:site_name\" content=\"Audiomed\" \/>\n<meta property=\"og:image\" content=\"http:\/\/audiomed.com.pl\/apt\/wp-content\/uploads\/2025\/02\/Verdexedil-spray-opinie-cena-sklad-forum-gdzie-kupic.png\" \/>\n\t<meta property=\"og:image:width\" content=\"400\" \/>\n\t<meta property=\"og:image:height\" content=\"400\" \/>\n\t<meta property=\"og:image:type\" content=\"image\/png\" \/>\n<meta name=\"twitter:card\" content=\"summary_large_image\" \/>\n<meta name=\"twitter:label1\" content=\"Szacowany czas czytania\" \/>\n\t<meta name=\"twitter:data1\" content=\"10 minut\" \/>\n<script type=\"application\/ld+json\" class=\"yoast-schema-graph\">{\"@context\":\"https:\\\/\\\/schema.org\",\"@graph\":[{\"@type\":\"WebPage\",\"@id\":\"http:\\\/\\\/audiomed.com.pl\\\/apt\\\/produkty\\\/verdexedil\\\/\",\"url\":\"http:\\\/\\\/audiomed.com.pl\\\/apt\\\/produkty\\\/verdexedil\\\/\",\"name\":\"Verdexedil spray - opinie, cena, sk\u0142ad, forum, gdzie kupi\u0107\",\"isPartOf\":{\"@id\":\"http:\\\/\\\/audiomed.com.pl\\\/apt\\\/#website\"},\"primaryImageOfPage\":{\"@id\":\"http:\\\/\\\/audiomed.com.pl\\\/apt\\\/produkty\\\/verdexedil\\\/#primaryimage\"},\"image\":{\"@id\":\"http:\\\/\\\/audiomed.com.pl\\\/apt\\\/produkty\\\/verdexedil\\\/#primaryimage\"},\"thumbnailUrl\":\"https:\\\/\\\/audiomed.com.pl\\\/apt\\\/wp-content\\\/uploads\\\/2025\\\/02\\\/Verdexedil-spray-opinie-cena-sklad-forum-gdzie-kupic.png\",\"datePublished\":\"2025-02-19T06:48:18+00:00\",\"breadcrumb\":{\"@id\":\"http:\\\/\\\/audiomed.com.pl\\\/apt\\\/produkty\\\/verdexedil\\\/#breadcrumb\"},\"inLanguage\":\"pl-PL\",\"potentialAction\":[{\"@type\":\"ReadAction\",\"target\":[\"http:\\\/\\\/audiomed.com.pl\\\/apt\\\/produkty\\\/verdexedil\\\/\"]}]},{\"@type\":\"ImageObject\",\"inLanguage\":\"pl-PL\",\"@id\":\"http:\\\/\\\/audiomed.com.pl\\\/apt\\\/produkty\\\/verdexedil\\\/#primaryimage\",\"url\":\"https:\\\/\\\/audiomed.com.pl\\\/apt\\\/wp-content\\\/uploads\\\/2025\\\/02\\\/Verdexedil-spray-opinie-cena-sklad-forum-gdzie-kupic.png\",\"contentUrl\":\"https:\\\/\\\/audiomed.com.pl\\\/apt\\\/wp-content\\\/uploads\\\/2025\\\/02\\\/Verdexedil-spray-opinie-cena-sklad-forum-gdzie-kupic.png\",\"width\":400,\"height\":400,\"caption\":\"Verdexedil spray - opinie, cena, sk\u0142ad, forum, gdzie kupi\u0107\"},{\"@type\":\"BreadcrumbList\",\"@id\":\"http:\\\/\\\/audiomed.com.pl\\\/apt\\\/produkty\\\/verdexedil\\\/#breadcrumb\",\"itemListElement\":[{\"@type\":\"ListItem\",\"position\":1,\"name\":\"Home\",\"item\":\"http:\\\/\\\/audiomed.com.pl\\\/apt\\\/\"},{\"@type\":\"ListItem\",\"position\":2,\"name\":\"Produkty\",\"item\":\"http:\\\/\\\/audiomed.com.pl\\\/apt\\\/\"},{\"@type\":\"ListItem\",\"position\":3,\"name\":\"Verdexedil\"}]},{\"@type\":\"WebSite\",\"@id\":\"http:\\\/\\\/audiomed.com.pl\\\/apt\\\/#website\",\"url\":\"http:\\\/\\\/audiomed.com.pl\\\/apt\\\/\",\"name\":\"Audiomed\",\"description\":\"\",\"potentialAction\":[{\"@type\":\"SearchAction\",\"target\":{\"@type\":\"EntryPoint\",\"urlTemplate\":\"http:\\\/\\\/audiomed.com.pl\\\/apt\\\/?s={search_term_string}\"},\"query-input\":{\"@type\":\"PropertyValueSpecification\",\"valueRequired\":true,\"valueName\":\"search_term_string\"}}],\"inLanguage\":\"pl-PL\"}]}<\/script>\n<!-- \/ Yoast SEO plugin. -->","yoast_head_json":{"title":"Verdexedil spray - opinie, cena, sk\u0142ad, forum, gdzie kupi\u0107","robots":{"index":"index","follow":"follow","max-snippet":"max-snippet:-1","max-image-preview":"max-image-preview:large","max-video-preview":"max-video-preview:-1"},"canonical":"http:\/\/audiomed.com.pl\/apt\/produkty\/verdexedil\/","og_locale":"pl_PL","og_type":"article","og_title":"Verdexedil spray - opinie, cena, sk\u0142ad, forum, gdzie kupi\u0107","og_description":"Verdexedil\u00a0 przerzedzanie si\u0119 w\u0142os\u00f3w to powa\u017cny i powszechny problem zar\u00f3wno kobiet, jak i m\u0119\u017cczyzn. To temat, kt\u00f3ry wywo\u0142uje wiele strachu, niepewno\u015bci i depresji, a tak\u017ce negatywnie wp\u0142ywa na jako\u015b\u0107 \u017cycia. Nie jest tajemnic\u0105, \u017ce zazwyczaj tracimy 50-100 w\u0142os\u00f3w dziennie. Ka\u017cdy w\u0142os ma sw\u00f3j w\u0142asny cykl \u017cycia trwaj\u0105cy 2-7 lat, w wyniku czego nasze w\u0142osy stale ... Czytaj dalej","og_url":"http:\/\/audiomed.com.pl\/apt\/produkty\/verdexedil\/","og_site_name":"Audiomed","og_image":[{"width":400,"height":400,"url":"http:\/\/audiomed.com.pl\/apt\/wp-content\/uploads\/2025\/02\/Verdexedil-spray-opinie-cena-sklad-forum-gdzie-kupic.png","type":"image\/png"}],"twitter_card":"summary_large_image","twitter_misc":{"Szacowany czas czytania":"10 minut"},"schema":{"@context":"https:\/\/schema.org","@graph":[{"@type":"WebPage","@id":"http:\/\/audiomed.com.pl\/apt\/produkty\/verdexedil\/","url":"http:\/\/audiomed.com.pl\/apt\/produkty\/verdexedil\/","name":"Verdexedil spray - opinie, cena, sk\u0142ad, forum, gdzie kupi\u0107","isPartOf":{"@id":"http:\/\/audiomed.com.pl\/apt\/#website"},"primaryImageOfPage":{"@id":"http:\/\/audiomed.com.pl\/apt\/produkty\/verdexedil\/#primaryimage"},"image":{"@id":"http:\/\/audiomed.com.pl\/apt\/produkty\/verdexedil\/#primaryimage"},"thumbnailUrl":"https:\/\/audiomed.com.pl\/apt\/wp-content\/uploads\/2025\/02\/Verdexedil-spray-opinie-cena-sklad-forum-gdzie-kupic.png","datePublished":"2025-02-19T06:48:18+00:00","breadcrumb":{"@id":"http:\/\/audiomed.com.pl\/apt\/produkty\/verdexedil\/#breadcrumb"},"inLanguage":"pl-PL","potentialAction":[{"@type":"ReadAction","target":["http:\/\/audiomed.com.pl\/apt\/produkty\/verdexedil\/"]}]},{"@type":"ImageObject","inLanguage":"pl-PL","@id":"http:\/\/audiomed.com.pl\/apt\/produkty\/verdexedil\/#primaryimage","url":"https:\/\/audiomed.com.pl\/apt\/wp-content\/uploads\/2025\/02\/Verdexedil-spray-opinie-cena-sklad-forum-gdzie-kupic.png","contentUrl":"https:\/\/audiomed.com.pl\/apt\/wp-content\/uploads\/2025\/02\/Verdexedil-spray-opinie-cena-sklad-forum-gdzie-kupic.png","width":400,"height":400,"caption":"Verdexedil spray - opinie, cena, sk\u0142ad, forum, gdzie kupi\u0107"},{"@type":"BreadcrumbList","@id":"http:\/\/audiomed.com.pl\/apt\/produkty\/verdexedil\/#breadcrumb","itemListElement":[{"@type":"ListItem","position":1,"name":"Home","item":"http:\/\/audiomed.com.pl\/apt\/"},{"@type":"ListItem","position":2,"name":"Produkty","item":"http:\/\/audiomed.com.pl\/apt\/"},{"@type":"ListItem","position":3,"name":"Verdexedil"}]},{"@type":"WebSite","@id":"http:\/\/audiomed.com.pl\/apt\/#website","url":"http:\/\/audiomed.com.pl\/apt\/","name":"Audiomed","description":"","potentialAction":[{"@type":"SearchAction","target":{"@type":"EntryPoint","urlTemplate":"http:\/\/audiomed.com.pl\/apt\/?s={search_term_string}"},"query-input":{"@type":"PropertyValueSpecification","valueRequired":true,"valueName":"search_term_string"}}],"inLanguage":"pl-PL"}]}},"uagb_featured_image_src":{"full":["https:\/\/audiomed.com.pl\/apt\/wp-content\/uploads\/2025\/02\/Verdexedil-spray-opinie-cena-sklad-forum-gdzie-kupic.png",400,400,false],"thumbnail":["https:\/\/audiomed.com.pl\/apt\/wp-content\/uploads\/2025\/02\/Verdexedil-spray-opinie-cena-sklad-forum-gdzie-kupic-150x150.png",150,150,true],"medium":["https:\/\/audiomed.com.pl\/apt\/wp-content\/uploads\/2025\/02\/Verdexedil-spray-opinie-cena-sklad-forum-gdzie-kupic-300x300.png",300,300,true],"medium_large":["https:\/\/audiomed.com.pl\/apt\/wp-content\/uploads\/2025\/02\/Verdexedil-spray-opinie-cena-sklad-forum-gdzie-kupic.png",400,400,false],"large":["https:\/\/audiomed.com.pl\/apt\/wp-content\/uploads\/2025\/02\/Verdexedil-spray-opinie-cena-sklad-forum-gdzie-kupic.png",400,400,false],"1536x1536":["https:\/\/audiomed.com.pl\/apt\/wp-content\/uploads\/2025\/02\/Verdexedil-spray-opinie-cena-sklad-forum-gdzie-kupic.png",400,400,false],"2048x2048":["https:\/\/audiomed.com.pl\/apt\/wp-content\/uploads\/2025\/02\/Verdexedil-spray-opinie-cena-sklad-forum-gdzie-kupic.png",400,400,false],"woocommerce_thumbnail":["https:\/\/audiomed.com.pl\/apt\/wp-content\/uploads\/2025\/02\/Verdexedil-spray-opinie-cena-sklad-forum-gdzie-kupic-300x300.png",300,300,true],"woocommerce_single":["https:\/\/audiomed.com.pl\/apt\/wp-content\/uploads\/2025\/02\/Verdexedil-spray-opinie-cena-sklad-forum-gdzie-kupic.png",400,400,false],"woocommerce_gallery_thumbnail":["https:\/\/audiomed.com.pl\/apt\/wp-content\/uploads\/2025\/02\/Verdexedil-spray-opinie-cena-sklad-forum-gdzie-kupic-100x100.png",100,100,true],"yarpp-thumbnail":["https:\/\/audiomed.com.pl\/apt\/wp-content\/uploads\/2025\/02\/Verdexedil-spray-opinie-cena-sklad-forum-gdzie-kupic-120x120.png",120,120,true]},"uagb_author_info":{"display_name":"Patrycja","author_link":"https:\/\/audiomed.com.pl\/apt\/author\/"},"uagb_comment_info":0,"uagb_excerpt":"Verdexedil\u00a0 przerzedzanie si\u0119 w\u0142os\u00f3w to powa\u017cny i powszechny problem zar\u00f3wno kobiet, jak i m\u0119\u017cczyzn. To temat, kt\u00f3ry wywo\u0142uje wiele strachu, niepewno\u015bci i depresji, a tak\u017ce negatywnie wp\u0142ywa na jako\u015b\u0107 \u017cycia. Nie jest tajemnic\u0105, \u017ce zazwyczaj tracimy 50-100 w\u0142os\u00f3w dziennie. Ka\u017cdy w\u0142os ma sw\u00f3j w\u0142asny cykl \u017cycia trwaj\u0105cy 2-7 lat, w wyniku czego nasze w\u0142osy stale&hellip;","_links":{"self":[{"href":"https:\/\/audiomed.com.pl\/apt\/wp-json\/wp\/v2\/product\/2365","targetHints":{"allow":["GET"]}}],"collection":[{"href":"https:\/\/audiomed.com.pl\/apt\/wp-json\/wp\/v2\/product"}],"about":[{"href":"https:\/\/audiomed.com.pl\/apt\/wp-json\/wp\/v2\/types\/product"}],"replies":[{"embeddable":true,"href":"https:\/\/audiomed.com.pl\/apt\/wp-json\/wp\/v2\/comments?post=2365"}],"wp:featuredmedia":[{"embeddable":true,"href":"https:\/\/audiomed.com.pl\/apt\/wp-json\/wp\/v2\/media\/2373"}],"wp:attachment":[{"href":"https:\/\/audiomed.com.pl\/apt\/wp-json\/wp\/v2\/media?parent=2365"}],"wp:term":[{"taxonomy":"product_brand","embeddable":true,"href":"https:\/\/audiomed.com.pl\/apt\/wp-json\/wp\/v2\/product_brand?post=2365"},{"taxonomy":"product_cat","embeddable":true,"href":"https:\/\/audiomed.com.pl\/apt\/wp-json\/wp\/v2\/product_cat?post=2365"},{"taxonomy":"product_tag","embeddable":true,"href":"https:\/\/audiomed.com.pl\/apt\/wp-json\/wp\/v2\/product_tag?post=2365"}],"curies":[{"name":"wp","href":"https:\/\/api.w.org\/{rel}","templated":true}]}}